{"id":1236,"date":"2026-06-01T11:47:48","date_gmt":"2026-06-01T09:47:48","guid":{"rendered":"https:\/\/suedbahnbuehne.at\/?page_id=1236"},"modified":"2026-08-13T10:54:21","modified_gmt":"2026-08-13T08:54:21","slug":"reigen-der-kuenste","status":"publish","type":"page","link":"https:\/\/suedbahnbuehne.at\/en\/programm\/reigen-der-kuenste\/","title":{"rendered":"Ring of the Arts \u2013 Herbert Lippert"},"content":{"rendered":"<div data-elementor-type=\"wp-page\" data-elementor-id=\"1236\" class=\"elementor elementor-1236\">\n\t\t\t\t\t\t<section class=\"elementor-section elementor-top-section elementor-element elementor-element-17432658 elementor-section-boxed elementor-section-height-default elementor-section-height-default wpr-particle-no wpr-jarallax-no wpr-parallax-no wpr-sticky-section-no wpr-column-slider-no wpr-equal-height-no\" data-id=\"17432658\" data-element_type=\"section\" data-e-type=\"section\">\n\t\t\t\t\t\t<div class=\"elementor-container elementor-column-gap-default\">\n\t\t\t\t\t<div class=\"elementor-column elementor-col-100 elementor-top-column elementor-element elementor-element-3fb2418b\" data-id=\"3fb2418b\" data-element_type=\"column\" data-e-type=\"column\">\n\t\t\t<div class=\"elementor-widget-wrap elementor-element-populated\">\n\t\t\t\t\t\t<div class=\"elementor-element elementor-element-ce439c1 elementor-widget elementor-widget-text-editor\" data-id=\"ce439c1\" data-element_type=\"widget\" data-e-type=\"widget\" data-widget_type=\"text-editor.default\">\n\t\t\t\t\t\t\t\t\tHerbert Lippert\t\t\t\t\t\t\t\t<\/div>\n\t\t\t\t<div class=\"elementor-element elementor-element-48cd0539 elementor-widget elementor-widget-heading\" data-id=\"48cd0539\" data-element_type=\"widget\" data-e-type=\"widget\" data-widget_type=\"heading.default\">\n\t\t\t\t\t<h1 class=\"elementor-heading-title elementor-size-default\">Reigen der K\u00fcnste<\/h1>\t\t\t\t<\/div>\n\t\t\t\t\t<\/div>\n\t\t<\/div>\n\t\t\t\t\t<\/div>\n\t\t<\/section>\n\t\t\t\t<section class=\"elementor-section elementor-top-section elementor-element elementor-element-492be91c elementor-section-height-min-height elementor-section-stretched elementor-section-boxed elementor-section-height-default elementor-section-items-middle wpr-particle-no wpr-jarallax-no wpr-parallax-no wpr-sticky-section-no wpr-column-slider-no wpr-equal-height-no\" data-id=\"492be91c\" data-element_type=\"section\" data-e-type=\"section\" data-settings=\"{&quot;background_background&quot;:&quot;classic&quot;,&quot;stretch_section&quot;:&quot;section-stretched&quot;}\">\n\t\t\t\t\t\t\t<div class=\"elementor-background-overlay\"><\/div>\n\t\t\t\t\t\t\t<div class=\"elementor-container elementor-column-gap-default\">\n\t\t\t\t\t<div class=\"elementor-column elementor-col-50 elementor-top-column elementor-element elementor-element-1d5a4c47\" data-id=\"1d5a4c47\" data-element_type=\"column\" data-e-type=\"column\">\n\t\t\t<div class=\"elementor-widget-wrap\">\n\t\t\t\t\t\t\t<\/div>\n\t\t<\/div>\n\t\t\t\t<div class=\"elementor-column elementor-col-50 elementor-top-column elementor-element elementor-element-3fd38885\" data-id=\"3fd38885\" data-element_type=\"column\" data-e-type=\"column\">\n\t\t\t<div class=\"elementor-widget-wrap elementor-element-populated\">\n\t\t\t\t\t\t<div class=\"elementor-element elementor-element-2b2a2fa6 elementor-invisible elementor-widget elementor-widget-heading\" data-id=\"2b2a2fa6\" data-element_type=\"widget\" data-e-type=\"widget\" data-settings=\"{&quot;_animation&quot;:&quot;slideInRight&quot;}\" data-widget_type=\"heading.default\">\n\t\t\t\t\t<h2 class=\"elementor-heading-title elementor-size-default\">Herbert Lippert<\/h2>\t\t\t\t<\/div>\n\t\t\t\t<div class=\"elementor-element elementor-element-2864da62 elementor-widget elementor-widget-text-editor\" data-id=\"2864da62\" data-element_type=\"widget\" data-e-type=\"widget\" data-widget_type=\"text-editor.default\">\n\t\t\t\t\t\t\t\t\t\u201eReigen der K\u00fcnste\u201c verbindet Malerei und Musik im historischen Ambiente des S\u00fcdbahnhotels Semmering\t\t\t\t\t\t\t\t<\/div>\n\t\t\t\t\t<\/div>\n\t\t<\/div>\n\t\t\t\t\t<\/div>\n\t\t<\/section>\n\t\t\t\t<section class=\"elementor-section elementor-top-section elementor-element elementor-element-622d5f3e elementor-section-boxed elementor-section-height-default elementor-section-height-default wpr-particle-no wpr-jarallax-no wpr-parallax-no wpr-sticky-section-no wpr-column-slider-no wpr-equal-height-no\" data-id=\"622d5f3e\" data-element_type=\"section\" data-e-type=\"section\">\n\t\t\t\t\t\t<div class=\"elementor-container elementor-column-gap-default\">\n\t\t\t\t\t<div class=\"elementor-column elementor-col-100 elementor-top-column elementor-element elementor-element-6f1fab23\" data-id=\"6f1fab23\" data-element_type=\"column\" data-e-type=\"column\">\n\t\t\t<div class=\"elementor-widget-wrap elementor-element-populated\">\n\t\t\t\t\t\t<div class=\"elementor-element elementor-element-03bc5fc elementor-widget__width-initial elementor-widget-mobile__width-initial elementor-widget elementor-widget-text-editor\" data-id=\"03bc5fc\" data-element_type=\"widget\" data-e-type=\"widget\" data-widget_type=\"text-editor.default\">\n\t\t\t\t\t\t\t\t\t<p data-rte-preserve-empty=\"true\">\u201eReigen der K\u00fcnste\u201c verbindet Malerei und Musik im historischen Ambiente des&nbsp;<span style=\"font-size: 15px; letter-spacing: 0.2px;\">S\u00fcdbahnhotels Semmering.<\/span><\/p>\n<p data-rte-preserve-empty=\"true\"><span style=\"font-size: 15px; letter-spacing: 0.2px;\">Von 15. August bis 30. August 2026 werden Werke von Herbert Lippert gezeigt \u2013 darunter&nbsp;<\/span><span style=\"font-size: 15px; letter-spacing: 0.2px;\">Arbeiten aus den musikalischen Zyklen von Rainer Bischof und Eduard Kutrowatz.<\/span><\/p>\n<p data-rte-preserve-empty=\"true\">Die Ausstellung ist im historischen Speisesaal und Kaffeehaus des S\u00fcdbahnhotels zu&nbsp;<span style=\"font-size: 15px; letter-spacing: 0.2px;\">besichtigen. Erg\u00e4nzt wird sie durch <strong>zwei Konzertabende<\/strong> im historischen Speisesaal des&nbsp;<\/span><span style=\"font-size: 15px; letter-spacing: 0.2px;\">S\u00fcdbahnhotels.<\/span><\/p>\n<p data-rte-preserve-empty=\"true\"><span style=\"font-size: 15px; letter-spacing: 0.2px;\"><b>Mitwirkende an den Konzertabenden:<br><\/b>Herbert Lippert &#8211; Tenor<br>Ildik\u00f3 Raimondi &#8211; Sopran<br>Kateryna Titova &#8211; Klavier<br>Eduard Kutrowatz &#8211; Klavie<b>r<\/b><\/span><\/p>\n<p data-rte-preserve-empty=\"true\"><b>Ausstellungsbesuch au\u00dferhalb der Konzertabende:<br><\/b>Am Wochenende, 22. und 23. August 2026, ist die Ausstellung von 11:00 bis 18:00 Uhr&nbsp;<span style=\"font-size: 15px; letter-spacing: 0.2px;\">ge\u00f6ffnet.<\/span><\/p>\n<p data-rte-preserve-empty=\"true\">Weitere Besichtigungstermine sind nach vorheriger Vereinbarung m\u00f6glich.<\/p>\n<p data-rte-preserve-empty=\"true\"><strong>Terminvereinbarung:<\/strong><br>hl@herbertlippert.com.<\/p>\n<p style=\"font-weight: 400;\" data-rte-preserve-empty=\"true\"><strong style=\"font-size: 15px; letter-spacing: 0.2px;\">Veranstalter<\/strong><br>Herbert Lippert<\/p>\n<p data-rte-preserve-empty=\"true\"><strong>Anreise<\/strong>:<br>Das S\u00fcdbahnhotel Semmering ist sowohl mit dem Auto als auch \u00f6ffentlich gut erreichbar.<br>Bei der Ticketbuchung bitten wir Sie um Angabe, ob Sie mit dem Auto oder \u00f6ffentlich anreisen. Diese Information unterst\u00fctzt uns bei der Planung von Parkm\u00f6glichkeiten und eines m\u00f6glichen Shuttle-Services.<\/p>\n<p data-rte-preserve-empty=\"true\">Vom Bahnhof Semmering erreichen Sie das S\u00fcdbahnhotel auch zu Fu\u00df in etwa 20 Minuten.<\/p>\t\t\t\t\t\t\t\t<\/div>\n\t\t\t\t<div class=\"elementor-element elementor-element-f06768c elementor-widget elementor-widget-spacer\" data-id=\"f06768c\" data-element_type=\"widget\" data-e-type=\"widget\" data-widget_type=\"spacer.default\">\n\t\t\t\t\t\t\t<div class=\"elementor-spacer\">\n\t\t\t<div class=\"elementor-spacer-inner\"><\/div>\n\t\t<\/div>\n\t\t\t\t\t\t<\/div>\n\t\t\t\t<div class=\"elementor-element elementor-element-658c88e elementor-widget elementor-widget-heading\" data-id=\"658c88e\" data-element_type=\"widget\" data-e-type=\"widget\" data-widget_type=\"heading.default\">\n\t\t\t\t\t<h2 class=\"elementor-heading-title elementor-size-default\">Programm an den Konzertabenden<\/h2>\t\t\t\t<\/div>\n\t\t\t\t<div class=\"elementor-element elementor-element-4bbb18b elementor-widget elementor-widget-spacer\" data-id=\"4bbb18b\" data-element_type=\"widget\" data-e-type=\"widget\" data-widget_type=\"spacer.default\">\n\t\t\t\t\t\t\t<div class=\"elementor-spacer\">\n\t\t\t<div class=\"elementor-spacer-inner\"><\/div>\n\t\t<\/div>\n\t\t\t\t\t\t<\/div>\n\t\t\t\t<section class=\"elementor-section elementor-inner-section elementor-element elementor-element-153cfab4 elementor-section-boxed elementor-section-height-default elementor-section-height-default wpr-particle-no wpr-jarallax-no wpr-parallax-no wpr-sticky-section-no wpr-column-slider-no wpr-equal-height-no\" data-id=\"153cfab4\" data-element_type=\"section\" data-e-type=\"section\">\n\t\t\t\t\t\t<div class=\"elementor-container elementor-column-gap-default\">\n\t\t\t\t\t<div class=\"elementor-column elementor-col-50 elementor-inner-column elementor-element elementor-element-38dd7e02\" data-id=\"38dd7e02\" data-element_type=\"column\" data-e-type=\"column\">\n\t\t\t<div class=\"elementor-widget-wrap elementor-element-populated\">\n\t\t\t\t\t\t<div class=\"elementor-element elementor-element-2cc727a5 wpr-price-list-old-position-before elementor-widget elementor-widget-wpr-price-list\" data-id=\"2cc727a5\" data-element_type=\"widget\" data-e-type=\"widget\" data-widget_type=\"wpr-price-list.default\">\n\t\t\t\t\t\n\t\t<div class=\"wpr-price-list\">\n\t\t\t\n\t\t\t\n\t\t\t\t<div class=\"wpr-price-list-item elementor-repeater-item-16272ff elementor-clearfix\">\n\t\t\t\t\t\t\t\n\t\t\t\t\n\t\t\t\t\t<div class=\"wpr-price-list-content\">\n\t\t\t\t\t\t\n\t\t\t\t\t\t<div class=\"wpr-price-list-heading\">\n\t\t\t\t\t\t\t\n\t\t\t\t\t\t\t\t\t\t\t\t\t\t\t\n\t\t\t\t\t\t\t<span class=\"wpr-price-list-title\">15. August 2026<\/span>\t\t\t\t\t\t\t\n\t\t\t\t\t\t\t\t\t\t\t\t\t\t\n\t\t\t\t\t\t\t\t\t\t\t\t\t\n\t\t\t\t\t\t\t\t<span class=\"wpr-price-list-separator\"><\/span>\n\t\t\t\t\t\t\t\n\t\t\t\t\t\t\t\t\t\t\t\t\t\t\t<span class=\"wpr-price-list-price-wrap\">\n\t\t\t\t\t\t\t\t\t\t\n\t\t\t\t\t\t\t\t\t<span class=\"wpr-price-list-price\">16:00 Uhr<\/span>\n\t\t\t\t\t\t\t\t\t\n\t\t\t\t\t\t\t\t\t\t\t\t\t\t\t\t\t<\/span>\n\t\t\t\t\t\t\t\n\t\t\t\t\t\t<\/div>\n\t\t\t\t\t\t\n\t\t\t\t\t\t\t\t\t\t\t\t\t<div class=\"wpr-price-list-description\">Salongespr\u00e4ch Herbert Lippert im Dialog mit Rechtsanwalt Thomas Angermair \u00fcber das Sammeln von Kunst und den Maler Herbert Brandl - Teilnahme in der Konzertkarte inbegriffen<\/div>\n\t\t\t\t\t\t\t\t\t\t\t<\/div>\n\n\t\t\t\t<\/div>\n\n\t\t\t\t\t\t<\/div>\n\t\t\t\t\t\t<\/div>\n\t\t\t\t<div class=\"elementor-element elementor-element-6befe3c wpr-price-list-old-position-before elementor-widget elementor-widget-wpr-price-list\" data-id=\"6befe3c\" data-element_type=\"widget\" data-e-type=\"widget\" data-widget_type=\"wpr-price-list.default\">\n\t\t\t\t\t\n\t\t<div class=\"wpr-price-list\">\n\t\t\t\n\t\t\t\n\t\t\t\t<div class=\"wpr-price-list-item elementor-repeater-item-16272ff elementor-clearfix\">\n\t\t\t\t\t\t\t\n\t\t\t\t\n\t\t\t\t\t<div class=\"wpr-price-list-content\">\n\t\t\t\t\t\t\n\t\t\t\t\t\t<div class=\"wpr-price-list-heading\">\n\t\t\t\t\t\t\t\n\t\t\t\t\t\t\t\t\t\t\t\t\t\t\t\n\t\t\t\t\t\t\t<span class=\"wpr-price-list-title\">15. August 2026<\/span>\t\t\t\t\t\t\t\n\t\t\t\t\t\t\t\t\t\t\t\t\t\t\n\t\t\t\t\t\t\t\t\t\t\t\t\t\n\t\t\t\t\t\t\t\t<span class=\"wpr-price-list-separator\"><\/span>\n\t\t\t\t\t\t\t\n\t\t\t\t\t\t\t\t\t\t\t\t\t\t\t<span class=\"wpr-price-list-price-wrap\">\n\t\t\t\t\t\t\t\t\t\t\n\t\t\t\t\t\t\t\t\t<span class=\"wpr-price-list-price\">17:00 Uhr<\/span>\n\t\t\t\t\t\t\t\t\t\n\t\t\t\t\t\t\t\t\t\t\t\t\t\t\t\t\t<\/span>\n\t\t\t\t\t\t\t\n\t\t\t\t\t\t<\/div>\n\t\t\t\t\t\t\n\t\t\t\t\t\t\t\t\t\t\t\t\t<div class=\"wpr-price-list-description\">Vernissage mit Szigeti Sektgenuss. Er\u00f6ffnung und Besuch der Ausstellung im Speisesaal und im Kafeehaus des S\u00fcdbahnhotels. Begegnung mit K\u00fcnstlern, Sammlern und G\u00e4sten - Teilnahme in der Konzertkarte inbegriffen<\/div>\n\t\t\t\t\t\t\t\t\t\t\t<\/div>\n\n\t\t\t\t<\/div>\n\n\t\t\t\t\t\t<\/div>\n\t\t\t\t\t\t<\/div>\n\t\t\t\t<div class=\"elementor-element elementor-element-065b807 wpr-price-list-old-position-before elementor-widget elementor-widget-wpr-price-list\" data-id=\"065b807\" data-element_type=\"widget\" data-e-type=\"widget\" data-widget_type=\"wpr-price-list.default\">\n\t\t\t\t\t\n\t\t<div class=\"wpr-price-list\">\n\t\t\t\n\t\t\t\n\t\t\t\t<div class=\"wpr-price-list-item elementor-repeater-item-16272ff elementor-clearfix\">\n\t\t\t\t\t\t\t\n\t\t\t\t\n\t\t\t\t\t<div class=\"wpr-price-list-content\">\n\t\t\t\t\t\t\n\t\t\t\t\t\t<div class=\"wpr-price-list-heading\">\n\t\t\t\t\t\t\t\n\t\t\t\t\t\t\t\t\t\t\t\t\t\t\t\n\t\t\t\t\t\t\t<span class=\"wpr-price-list-title\">15. August 2026<\/span>\t\t\t\t\t\t\t\n\t\t\t\t\t\t\t\t\t\t\t\t\t\t\n\t\t\t\t\t\t\t\t\t\t\t\t\t\n\t\t\t\t\t\t\t\t<span class=\"wpr-price-list-separator\"><\/span>\n\t\t\t\t\t\t\t\n\t\t\t\t\t\t\t\t\t\t\t\t\t\t\t<span class=\"wpr-price-list-price-wrap\">\n\t\t\t\t\t\t\t\t\t\t\n\t\t\t\t\t\t\t\t\t<span class=\"wpr-price-list-price\">18:00 Uhr<\/span>\n\t\t\t\t\t\t\t\t\t\n\t\t\t\t\t\t\t\t\t\t\t\t\t\t\t\t\t<\/span>\n\t\t\t\t\t\t\t\n\t\t\t\t\t\t<\/div>\n\t\t\t\t\t\t\n\t\t\t\t\t\t\t\t\t\t\t\t\t<div class=\"wpr-price-list-description\">Konzerteinf\u00fchrung mit Dr. Andreas Lang, Dramaturg der Wiener Staatsoper - Teilnahme in der Konzertkarte inbegriffen<\/div>\n\t\t\t\t\t\t\t\t\t\t\t<\/div>\n\n\t\t\t\t<\/div>\n\n\t\t\t\t\t\t<\/div>\n\t\t\t\t\t\t<\/div>\n\t\t\t\t<div class=\"elementor-element elementor-element-bb2d929 wpr-price-list-old-position-before elementor-widget elementor-widget-wpr-price-list\" data-id=\"bb2d929\" data-element_type=\"widget\" data-e-type=\"widget\" data-widget_type=\"wpr-price-list.default\">\n\t\t\t\t\t\n\t\t<div class=\"wpr-price-list\">\n\t\t\t\n\t\t\t\n\t\t\t\t<div class=\"wpr-price-list-item elementor-repeater-item-16272ff elementor-clearfix\">\n\t\t\t\t\t\t\t\n\t\t\t\t\n\t\t\t\t\t<div class=\"wpr-price-list-content\">\n\t\t\t\t\t\t\n\t\t\t\t\t\t<div class=\"wpr-price-list-heading\">\n\t\t\t\t\t\t\t\n\t\t\t\t\t\t\t\t\t\t\t\t\t\t\t\n\t\t\t\t\t\t\t<span class=\"wpr-price-list-title\">15. August 2026<\/span>\t\t\t\t\t\t\t\n\t\t\t\t\t\t\t\t\t\t\t\t\t\t\n\t\t\t\t\t\t\t\t\t\t\t\t\t\n\t\t\t\t\t\t\t\t<span class=\"wpr-price-list-separator\"><\/span>\n\t\t\t\t\t\t\t\n\t\t\t\t\t\t\t\t\t\t\t\t\t\t\t<span class=\"wpr-price-list-price-wrap\">\n\t\t\t\t\t\t\t\t\t\t\n\t\t\t\t\t\t\t\t\t<span class=\"wpr-price-list-price\">18:30 Uhr<\/span>\n\t\t\t\t\t\t\t\t\t\n\t\t\t\t\t\t\t\t\t\t\t\t\t\t\t\t\t<\/span>\n\t\t\t\t\t\t\t\n\t\t\t\t\t\t<\/div>\n\t\t\t\t\t\t\n\t\t\t\t\t\t\t\t\t\t\t\t\t<div class=\"wpr-price-list-description\">Konzert im historischen Speisesaal mit Werken von Franz Schubert, Franz Liszt, Rainer Bischof und Eduard Kutrowatz.<\/div>\n\t\t\t\t\t\t\t\t\t\t\t<\/div>\n\n\t\t\t\t<\/div>\n\n\t\t\t\t\t\t<\/div>\n\t\t\t\t\t\t<\/div>\n\t\t\t\t\t<\/div>\n\t\t<\/div>\n\t\t\t\t<div class=\"elementor-column elementor-col-50 elementor-inner-column elementor-element elementor-element-4e66e1a4\" data-id=\"4e66e1a4\" data-element_type=\"column\" data-e-type=\"column\">\n\t\t\t<div class=\"elementor-widget-wrap elementor-element-populated\">\n\t\t\t\t\t\t<div class=\"elementor-element elementor-element-211c1a0 wpr-price-list-old-position-before elementor-widget elementor-widget-wpr-price-list\" data-id=\"211c1a0\" data-element_type=\"widget\" data-e-type=\"widget\" data-widget_type=\"wpr-price-list.default\">\n\t\t\t\t\t\n\t\t<div class=\"wpr-price-list\">\n\t\t\t\n\t\t\t\n\t\t\t\t<div class=\"wpr-price-list-item elementor-repeater-item-16272ff elementor-clearfix\">\n\t\t\t\t\t\t\t\n\t\t\t\t\n\t\t\t\t\t<div class=\"wpr-price-list-content\">\n\t\t\t\t\t\t\n\t\t\t\t\t\t<div class=\"wpr-price-list-heading\">\n\t\t\t\t\t\t\t\n\t\t\t\t\t\t\t\t\t\t\t\t\t\t\t\n\t\t\t\t\t\t\t<span class=\"wpr-price-list-title\">30. August 2026<\/span>\t\t\t\t\t\t\t\n\t\t\t\t\t\t\t\t\t\t\t\t\t\t\n\t\t\t\t\t\t\t\t\t\t\t\t\t\n\t\t\t\t\t\t\t\t<span class=\"wpr-price-list-separator\"><\/span>\n\t\t\t\t\t\t\t\n\t\t\t\t\t\t\t\t\t\t\t\t\t\t\t<span class=\"wpr-price-list-price-wrap\">\n\t\t\t\t\t\t\t\t\t\t\n\t\t\t\t\t\t\t\t\t<span class=\"wpr-price-list-price\">16:00 Uhr<\/span>\n\t\t\t\t\t\t\t\t\t\n\t\t\t\t\t\t\t\t\t\t\t\t\t\t\t\t\t<\/span>\n\t\t\t\t\t\t\t\n\t\t\t\t\t\t<\/div>\n\t\t\t\t\t\t\n\t\t\t\t\t\t\t\t\t\t\t\t\t<div class=\"wpr-price-list-description\">Salongespr\u00e4ch Herbert Lippert im Dialog mit Gabriele und Gerhard Str\u00f6ck \u00fcber das Sammeln von Kunst und die Verantwortung privater Sammler - Teilnahme in der Konzertkarte inbegriffen<\/div>\n\t\t\t\t\t\t\t\t\t\t\t<\/div>\n\n\t\t\t\t<\/div>\n\n\t\t\t\t\t\t<\/div>\n\t\t\t\t\t\t<\/div>\n\t\t\t\t<div class=\"elementor-element elementor-element-97ccf8d wpr-price-list-old-position-before elementor-widget elementor-widget-wpr-price-list\" data-id=\"97ccf8d\" data-element_type=\"widget\" data-e-type=\"widget\" data-widget_type=\"wpr-price-list.default\">\n\t\t\t\t\t\n\t\t<div class=\"wpr-price-list\">\n\t\t\t\n\t\t\t\n\t\t\t\t<div class=\"wpr-price-list-item elementor-repeater-item-16272ff elementor-clearfix\">\n\t\t\t\t\t\t\t\n\t\t\t\t\n\t\t\t\t\t<div class=\"wpr-price-list-content\">\n\t\t\t\t\t\t\n\t\t\t\t\t\t<div class=\"wpr-price-list-heading\">\n\t\t\t\t\t\t\t\n\t\t\t\t\t\t\t\t\t\t\t\t\t\t\t\n\t\t\t\t\t\t\t<span class=\"wpr-price-list-title\">30. August 2026<\/span>\t\t\t\t\t\t\t\n\t\t\t\t\t\t\t\t\t\t\t\t\t\t\n\t\t\t\t\t\t\t\t\t\t\t\t\t\n\t\t\t\t\t\t\t\t<span class=\"wpr-price-list-separator\"><\/span>\n\t\t\t\t\t\t\t\n\t\t\t\t\t\t\t\t\t\t\t\t\t\t\t<span class=\"wpr-price-list-price-wrap\">\n\t\t\t\t\t\t\t\t\t\t\n\t\t\t\t\t\t\t\t\t<span class=\"wpr-price-list-price\">17:00 Uhr<\/span>\n\t\t\t\t\t\t\t\t\t\n\t\t\t\t\t\t\t\t\t\t\t\t\t\t\t\t\t<\/span>\n\t\t\t\t\t\t\t\n\t\t\t\t\t\t<\/div>\n\t\t\t\t\t\t\n\t\t\t\t\t\t\t\t\t\t\t\t\t<div class=\"wpr-price-list-description\">Finissage mit Szigeti Sektgenuss. Ausklang der Ausstellung  im Speisesaal und im Kafeehaus des S\u00fcdbahnhotels. Begegnung mit K\u00fcnstlern, Sammlern und G\u00e4sten - Teilnahme in der Konzertkarte inbegriffen<\/div>\n\t\t\t\t\t\t\t\t\t\t\t<\/div>\n\n\t\t\t\t<\/div>\n\n\t\t\t\t\t\t<\/div>\n\t\t\t\t\t\t<\/div>\n\t\t\t\t<div class=\"elementor-element elementor-element-6103c5c5 wpr-price-list-old-position-before elementor-widget elementor-widget-wpr-price-list\" data-id=\"6103c5c5\" data-element_type=\"widget\" data-e-type=\"widget\" data-widget_type=\"wpr-price-list.default\">\n\t\t\t\t\t\n\t\t<div class=\"wpr-price-list\">\n\t\t\t\n\t\t\t\n\t\t\t\t<div class=\"wpr-price-list-item elementor-repeater-item-16272ff elementor-clearfix\">\n\t\t\t\t\t\t\t\n\t\t\t\t\n\t\t\t\t\t<div class=\"wpr-price-list-content\">\n\t\t\t\t\t\t\n\t\t\t\t\t\t<div class=\"wpr-price-list-heading\">\n\t\t\t\t\t\t\t\n\t\t\t\t\t\t\t\t\t\t\t\t\t\t\t\n\t\t\t\t\t\t\t<span class=\"wpr-price-list-title\">30. August 2026<\/span>\t\t\t\t\t\t\t\n\t\t\t\t\t\t\t\t\t\t\t\t\t\t\n\t\t\t\t\t\t\t\t\t\t\t\t\t\n\t\t\t\t\t\t\t\t<span class=\"wpr-price-list-separator\"><\/span>\n\t\t\t\t\t\t\t\n\t\t\t\t\t\t\t\t\t\t\t\t\t\t\t<span class=\"wpr-price-list-price-wrap\">\n\t\t\t\t\t\t\t\t\t\t\n\t\t\t\t\t\t\t\t\t<span class=\"wpr-price-list-price\">18:00 Uhr<\/span>\n\t\t\t\t\t\t\t\t\t\n\t\t\t\t\t\t\t\t\t\t\t\t\t\t\t\t\t<\/span>\n\t\t\t\t\t\t\t\n\t\t\t\t\t\t<\/div>\n\t\t\t\t\t\t\n\t\t\t\t\t\t\t\t\t\t\t\t\t<div class=\"wpr-price-list-description\">Konzert im historischen Speisesaal. Das Programm spannt den Bogen von vierh\u00e4ndiger Klaviermusik \u00fcber klassische Liedkunst und ausgew\u00e4hlte Operettenmelodien bis zum Wiener Lied.<\/div>\n\t\t\t\t\t\t\t\t\t\t\t<\/div>\n\n\t\t\t\t<\/div>\n\n\t\t\t\t\t\t<\/div>\n\t\t\t\t\t\t<\/div>\n\t\t\t\t\t<\/div>\n\t\t<\/div>\n\t\t\t\t\t<\/div>\n\t\t<\/section>\n\t\t\t\t<div class=\"elementor-element elementor-element-25bc3ce elementor-widget elementor-widget-spacer\" data-id=\"25bc3ce\" data-element_type=\"widget\" data-e-type=\"widget\" data-widget_type=\"spacer.default\">\n\t\t\t\t\t\t\t<div class=\"elementor-spacer\">\n\t\t\t<div class=\"elementor-spacer-inner\"><\/div>\n\t\t<\/div>\n\t\t\t\t\t\t<\/div>\n\t\t\t\t<section class=\"elementor-section elementor-inner-section elementor-element elementor-element-63ff638 elementor-section-boxed elementor-section-height-default elementor-section-height-default wpr-particle-no wpr-jarallax-no wpr-parallax-no wpr-sticky-section-no wpr-column-slider-no wpr-equal-height-no\" data-id=\"63ff638\" data-element_type=\"section\" data-e-type=\"section\">\n\t\t\t\t\t\t<div class=\"elementor-container elementor-column-gap-no\">\n\t\t\t\t\t<div class=\"elementor-column elementor-col-33 elementor-inner-column elementor-element elementor-element-22afac9\" data-id=\"22afac9\" data-element_type=\"column\" data-e-type=\"column\">\n\t\t\t<div class=\"elementor-widget-wrap elementor-element-populated\">\n\t\t\t\t\t\t<div class=\"elementor-element elementor-element-87cf7f9 wpr-pricing-table-animation-none wpr-pricing-table-heading-center elementor-invisible elementor-widget elementor-widget-wpr-pricing-table\" data-id=\"87cf7f9\" data-element_type=\"widget\" data-e-type=\"widget\" data-settings=\"{&quot;_animation&quot;:&quot;slideInUp&quot;,&quot;_animation_delay&quot;:100}\" data-widget_type=\"wpr-pricing-table.default\">\n\t\t\t\t\t\n\t<div class=\"wpr-pricing-table\">\n\t\t\n\t\t\t<div class=\"elementor-repeater-item-ad14f59 wpr-pricing-table-item wpr-pricing-table-heading wpr-pricing-table-item-first\">\t\t\n\t\t\t\n\t\t\t\n\t\t\t\t<div class=\"wpr-pricing-table-headding-inner\">\n\t\t\t\n\t\t\t\t\t\n\t\t\t\t\t\t\t\t\t\t\t<div class=\"wpr-pricing-table-title-wrap\">\n\t\t\t\t\t\t\t\t\n\t\t\t\t\t\t\t\t<h3 class=\"wpr-pricing-table-title\">Kategorie<\/h3>\n\t\t\t\t\t\t\t\n\t\t\t\t\t\t\t\t\n\t\t\t\t\t\t\t\t<span class=\"wpr-pricing-table-sub-title\">A-C<\/span>\n\t\t\t\t\t\t\t\t\t\t\t\t\t<\/div>\n\t\t\t\t\t\t\t\t\t<\/div>\t\t\n\t\t\n\t\t\t\n\t\t\t<\/div>\n\t\t\t\n\t\t\t<div class=\"elementor-repeater-item-3bc44ee wpr-pricing-table-item wpr-pricing-table-price\">\t\t\n\t\t\t\n\t\t\t\n\t\t\t\t<div class=\"wpr-pricing-table-price-inner\">\n\t\t\t\t\t\n\t\t\t\t\t<span class=\"wpr-pricing-table-currency\">&#128;<\/span>\t\t\t\t\t\n\t\t\t\t\t\t\n\t\t\t\t\t\t<span class=\"wpr-pricing-table-main-price\">70<\/span>\n\t\t\t\t\t\n\t\t\t\t\t\n\t\t\t\t\t\n\t\t\t\t\t\t\t\t\t<\/div>\n\n\t\t\t\t\t\t\n\t\t\t\n\t\t\t<\/div>\n\t\t\t\n\t\t\t<div class=\"elementor-repeater-item-512f774 wpr-pricing-table-item wpr-pricing-table-button wpr-pricing-table-item-last\">\t\t\n\t\t\t\n\t\t\t\n\t\t\t\t<a class=\"wpr-pricing-table-btn wpr-button-effect wpr-button-none\" href=\"https:\/\/www.tickettailor.com\/events\/sdbahnhotelkultur\/\">\n\t\t\t\t\t<span>\n\n\t\t\t\t\t\t\n\t\t\t\t\t\tTicket\n\t\t\t\t\t\t\n\t\t\t\t\t<\/span>\n\t\t\t\t<\/a>\n\t\t\t\t\n\t\t\t\n\t\t\t<\/div>\n\t\t\t\t<\/div>\n\n\t\t\t\t\t<\/div>\n\t\t\t\t\t<\/div>\n\t\t<\/div>\n\t\t\t\t<div class=\"elementor-column elementor-col-33 elementor-inner-column elementor-element elementor-element-11f0d0e\" data-id=\"11f0d0e\" data-element_type=\"column\" data-e-type=\"column\">\n\t\t\t<div class=\"elementor-widget-wrap elementor-element-populated\">\n\t\t\t\t\t\t<div class=\"elementor-element elementor-element-54b92ea wpr-pricing-table-animation-none wpr-pricing-table-heading-center elementor-invisible elementor-widget elementor-widget-wpr-pricing-table\" data-id=\"54b92ea\" data-element_type=\"widget\" data-e-type=\"widget\" data-settings=\"{&quot;_animation&quot;:&quot;slideInUp&quot;,&quot;_animation_delay&quot;:100}\" data-widget_type=\"wpr-pricing-table.default\">\n\t\t\t\t\t\n\t<div class=\"wpr-pricing-table\">\n\t\t\n\t\t\t<div class=\"elementor-repeater-item-ad14f59 wpr-pricing-table-item wpr-pricing-table-heading wpr-pricing-table-item-first\">\t\t\n\t\t\t\n\t\t\t\n\t\t\t\t<div class=\"wpr-pricing-table-headding-inner\">\n\t\t\t\n\t\t\t\t\t\n\t\t\t\t\t\t\t\t\t\t\t<div class=\"wpr-pricing-table-title-wrap\">\n\t\t\t\t\t\t\t\t\n\t\t\t\t\t\t\t\t<h3 class=\"wpr-pricing-table-title\">Kategorie<\/h3>\n\t\t\t\t\t\t\t\n\t\t\t\t\t\t\t\t\n\t\t\t\t\t\t\t\t<span class=\"wpr-pricing-table-sub-title\">D-F<\/span>\n\t\t\t\t\t\t\t\t\t\t\t\t\t<\/div>\n\t\t\t\t\t\t\t\t\t<\/div>\t\t\n\t\t\n\t\t\t\n\t\t\t<\/div>\n\t\t\t\n\t\t\t<div class=\"elementor-repeater-item-3bc44ee wpr-pricing-table-item wpr-pricing-table-price\">\t\t\n\t\t\t\n\t\t\t\n\t\t\t\t<div class=\"wpr-pricing-table-price-inner\">\n\t\t\t\t\t\n\t\t\t\t\t<span class=\"wpr-pricing-table-currency\">&#128;<\/span>\t\t\t\t\t\n\t\t\t\t\t\t\n\t\t\t\t\t\t<span class=\"wpr-pricing-table-main-price\">55<\/span>\n\t\t\t\t\t\n\t\t\t\t\t\n\t\t\t\t\t\n\t\t\t\t\t\t\t\t\t<\/div>\n\n\t\t\t\t\t\t\n\t\t\t\n\t\t\t<\/div>\n\t\t\t\n\t\t\t<div class=\"elementor-repeater-item-ff42264 wpr-pricing-table-item wpr-pricing-table-button wpr-pricing-table-item-last\">\t\t\n\t\t\t\n\t\t\t\n\t\t\t\t<a class=\"wpr-pricing-table-btn wpr-button-effect wpr-button-none\" href=\"https:\/\/www.tickettailor.com\/events\/sdbahnhotelkultur\/\">\n\t\t\t\t\t<span>\n\n\t\t\t\t\t\t\n\t\t\t\t\t\tTicket\n\t\t\t\t\t\t\n\t\t\t\t\t<\/span>\n\t\t\t\t<\/a>\n\t\t\t\t\n\t\t\t\n\t\t\t<\/div>\n\t\t\t\t<\/div>\n\n\t\t\t\t\t<\/div>\n\t\t\t\t\t<\/div>\n\t\t<\/div>\n\t\t\t\t<div class=\"elementor-column elementor-col-33 elementor-inner-column elementor-element elementor-element-c687470\" data-id=\"c687470\" data-element_type=\"column\" data-e-type=\"column\">\n\t\t\t<div class=\"elementor-widget-wrap elementor-element-populated\">\n\t\t\t\t\t\t<div class=\"elementor-element elementor-element-eb5cad3 wpr-pricing-table-animation-none wpr-pricing-table-heading-center elementor-invisible elementor-widget elementor-widget-wpr-pricing-table\" data-id=\"eb5cad3\" data-element_type=\"widget\" data-e-type=\"widget\" data-settings=\"{&quot;_animation&quot;:&quot;slideInUp&quot;,&quot;_animation_delay&quot;:100}\" data-widget_type=\"wpr-pricing-table.default\">\n\t\t\t\t\t\n\t<div class=\"wpr-pricing-table\">\n\t\t\n\t\t\t<div class=\"elementor-repeater-item-ad14f59 wpr-pricing-table-item wpr-pricing-table-heading wpr-pricing-table-item-first\">\t\t\n\t\t\t\n\t\t\t\n\t\t\t\t<div class=\"wpr-pricing-table-headding-inner\">\n\t\t\t\n\t\t\t\t\t\n\t\t\t\t\t\t\t\t\t\t\t<div class=\"wpr-pricing-table-title-wrap\">\n\t\t\t\t\t\t\t\t\n\t\t\t\t\t\t\t\t<h3 class=\"wpr-pricing-table-title\">Kategorie<\/h3>\n\t\t\t\t\t\t\t\n\t\t\t\t\t\t\t\t\n\t\t\t\t\t\t\t\t<span class=\"wpr-pricing-table-sub-title\">G-J<\/span>\n\t\t\t\t\t\t\t\t\t\t\t\t\t<\/div>\n\t\t\t\t\t\t\t\t\t<\/div>\t\t\n\t\t\n\t\t\t\n\t\t\t<\/div>\n\t\t\t\n\t\t\t<div class=\"elementor-repeater-item-3bc44ee wpr-pricing-table-item wpr-pricing-table-price\">\t\t\n\t\t\t\n\t\t\t\n\t\t\t\t<div class=\"wpr-pricing-table-price-inner\">\n\t\t\t\t\t\n\t\t\t\t\t<span class=\"wpr-pricing-table-currency\">&#128;<\/span>\t\t\t\t\t\n\t\t\t\t\t\t\n\t\t\t\t\t\t<span class=\"wpr-pricing-table-main-price\">40<\/span>\n\t\t\t\t\t\n\t\t\t\t\t\n\t\t\t\t\t\n\t\t\t\t\t\t\t\t\t<\/div>\n\n\t\t\t\t\t\t\n\t\t\t\n\t\t\t<\/div>\n\t\t\t\n\t\t\t<div class=\"elementor-repeater-item-ff42264 wpr-pricing-table-item wpr-pricing-table-button wpr-pricing-table-item-last\">\t\t\n\t\t\t\n\t\t\t\n\t\t\t\t<a class=\"wpr-pricing-table-btn wpr-button-effect wpr-button-none\" href=\"https:\/\/www.tickettailor.com\/events\/sdbahnhotelkultur\/\">\n\t\t\t\t\t<span>\n\n\t\t\t\t\t\t\n\t\t\t\t\t\tTicket\n\t\t\t\t\t\t\n\t\t\t\t\t<\/span>\n\t\t\t\t<\/a>\n\t\t\t\t\n\t\t\t\n\t\t\t<\/div>\n\t\t\t\t<\/div>\n\n\t\t\t\t\t<\/div>\n\t\t\t\t\t<\/div>\n\t\t<\/div>\n\t\t\t\t\t<\/div>\n\t\t<\/section>\n\t\t\t\t\t<\/div>\n\t\t<\/div>\n\t\t\t\t\t<\/div>\n\t\t<\/section>\n\t\t<div class=\"elementor-element elementor-element-13a0808 e-grid e-con-boxed wpr-particle-no wpr-jarallax-no wpr-parallax-no wpr-sticky-section-no wpr-column-slider-no wpr-equal-height-no e-con e-parent\" data-id=\"13a0808\" data-element_type=\"container\" data-e-type=\"container\">\n\t\t\t\t\t<div class=\"e-con-inner\">\n\t\t\t\t\t<h2 data-interaction-id=\"36107f0\" class=\"e-36107f0-f161ca8 e-heading-base\">Freie Pl\u00e4tze f\u00fcr den 15. August 2026<\/h2>\n\t\t\t\t\t<h2 data-interaction-id=\"a16ad7d\" class=\"e-a16ad7d-57d5b8b e-heading-base\">Freie Pl\u00e4tze f\u00fcr den 30. August 2026<\/h2>\n\t\t\t\t\t<\/div>\n\t\t\t\t<\/div>\n\t\t<div class=\"elementor-element elementor-element-9739da4 e-grid e-con-boxed wpr-particle-no wpr-jarallax-no wpr-parallax-no wpr-sticky-section-no wpr-column-slider-no wpr-equal-height-no e-con e-parent\" data-id=\"9739da4\" data-element_type=\"container\" data-e-type=\"container\">\n\t\t\t\t\t<div class=\"e-con-inner\">\n\t\t\t\t<div class=\"elementor-element elementor-element-4ab68e1 elementor-widget elementor-widget-image\" data-id=\"4ab68e1\" data-element_type=\"widget\" data-e-type=\"widget\" data-widget_type=\"image.default\">\n\t\t\t\t\t\t\t\t\t\t\t\t\t\t\t<img fetchpriority=\"high\" decoding=\"async\" width=\"724\" height=\"1024\" src=\"https:\/\/suedbahnbuehne.at\/wp-content\/uploads\/2026\/07\/Semmering-Sitzplan15-724x1024.jpg\" class=\"attachment-large size-large wp-image-2665\" alt=\"\" srcset=\"https:\/\/suedbahnbuehne.at\/wp-content\/uploads\/2026\/07\/Semmering-Sitzplan15-724x1024.jpg 724w, https:\/\/suedbahnbuehne.at\/wp-content\/uploads\/2026\/07\/Semmering-Sitzplan15-212x300.jpg 212w, https:\/\/suedbahnbuehne.at\/wp-content\/uploads\/2026\/07\/Semmering-Sitzplan15-768x1086.jpg 768w, https:\/\/suedbahnbuehne.at\/wp-content\/uploads\/2026\/07\/Semmering-Sitzplan15-1086x1536.jpg 1086w, https:\/\/suedbahnbuehne.at\/wp-content\/uploads\/2026\/07\/Semmering-Sitzplan15.jpg 1414w\" sizes=\"(max-width: 724px) 100vw, 724px\" \/>\t\t\t\t\t\t\t\t\t\t\t\t\t\t\t<\/div>\n\t\t\t\t<div class=\"elementor-element elementor-element-99a90f0 elementor-widget elementor-widget-image\" data-id=\"99a90f0\" data-element_type=\"widget\" data-e-type=\"widget\" data-widget_type=\"image.default\">\n\t\t\t\t\t\t\t\t\t\t\t\t\t\t\t<img decoding=\"async\" width=\"724\" height=\"1024\" src=\"https:\/\/suedbahnbuehne.at\/wp-content\/uploads\/2026\/07\/Semmering-Sitzplan30-724x1024.jpg\" class=\"attachment-large size-large wp-image-2664\" alt=\"Semmering Sitzplan30\" srcset=\"https:\/\/suedbahnbuehne.at\/wp-content\/uploads\/2026\/07\/Semmering-Sitzplan30-724x1024.jpg 724w, https:\/\/suedbahnbuehne.at\/wp-content\/uploads\/2026\/07\/Semmering-Sitzplan30-212x300.jpg 212w, https:\/\/suedbahnbuehne.at\/wp-content\/uploads\/2026\/07\/Semmering-Sitzplan30-768x1086.jpg 768w, https:\/\/suedbahnbuehne.at\/wp-content\/uploads\/2026\/07\/Semmering-Sitzplan30-1086x1536.jpg 1086w, https:\/\/suedbahnbuehne.at\/wp-content\/uploads\/2026\/07\/Semmering-Sitzplan30.jpg 1414w\" sizes=\"(max-width: 724px) 100vw, 724px\" \/>\t\t\t\t\t\t\t\t\t\t\t\t\t\t\t<\/div>\n\t\t\t\t\t<\/div>\n\t\t\t\t<\/div>\n\t\t\t\t<\/div>","protected":false},"excerpt":{"rendered":"<p>Herbert Lippert Reigen der K\u00fcnste Herbert Lippert \u201eReigen der K\u00fcnste\u201c verbindet Malerei und Musik im historischen Ambiente des S\u00fcdbahnhotels Semmering \u201eReigen der K\u00fcnste\u201c verbindet Malerei und Musik im historischen Ambiente des&nbsp;S\u00fcdbahnhotels Semmering. Von 15. August bis 30. August 2026 werden Werke von Herbert Lippert gezeigt \u2013 darunter&nbsp;Arbeiten aus den musikalischen Zyklen von Rainer Bischof und Eduard Kutrowatz. Die Ausstellung ist im historischen Speisesaal und Kaffeehaus des S\u00fcdbahnhotels zu&nbsp;besichtigen. Erg\u00e4nzt wird sie durch zwei Konzertabende im historischen Speisesaal des&nbsp;S\u00fcdbahnhotels. Mitwirkende an den Konzertabenden:Herbert Lippert &#8211; TenorIldik\u00f3 Raimondi &#8211; SopranKateryna Titova &#8211; KlavierEduard Kutrowatz &#8211; Klavier Ausstellungsbesuch au\u00dferhalb der Konzertabende:Am Wochenende, 22. und 23. August 2026, ist die Ausstellung von 11:00 bis 18:00 Uhr&nbsp;ge\u00f6ffnet. Weitere Besichtigungstermine sind nach vorheriger Vereinbarung m\u00f6glich. Terminvereinbarung:hl@herbertlippert.com. VeranstalterHerbert Lippert Anreise:Das S\u00fcdbahnhotel Semmering ist sowohl mit dem Auto als auch \u00f6ffentlich gut erreichbar.Bei der Ticketbuchung bitten wir Sie um Angabe, ob Sie mit dem Auto oder \u00f6ffentlich anreisen. Diese Information unterst\u00fctzt uns bei der Planung von Parkm\u00f6glichkeiten und eines m\u00f6glichen Shuttle-Services. Vom Bahnhof Semmering erreichen Sie das S\u00fcdbahnhotel auch zu Fu\u00df in etwa 20 Minuten. Programm an den Konzertabenden 15. August 2026 16:00 Uhr Salongespr\u00e4ch Herbert Lippert im Dialog mit Rechtsanwalt Thomas Angermair \u00fcber das Sammeln von Kunst und den Maler Herbert Brandl &#8211; Teilnahme in der Konzertkarte inbegriffen 15. August 2026 17:00 Uhr Vernissage mit Szigeti Sektgenuss. Er\u00f6ffnung und Besuch der Ausstellung im Speisesaal und im Kafeehaus des S\u00fcdbahnhotels. Begegnung mit K\u00fcnstlern, Sammlern und G\u00e4sten &#8211; Teilnahme in der Konzertkarte inbegriffen 15. August 2026 18:00 Uhr Konzerteinf\u00fchrung mit Dr. Andreas Lang, Dramaturg der Wiener Staatsoper &#8211; Teilnahme in der Konzertkarte inbegriffen 15. August 2026 18:30 Uhr Konzert im historischen Speisesaal mit Werken von Franz Schubert, Franz Liszt, Rainer Bischof und Eduard Kutrowatz. 30. August 2026 16:00 Uhr Salongespr\u00e4ch Herbert Lippert im Dialog mit Gabriele und Gerhard Str\u00f6ck \u00fcber das Sammeln von Kunst und die Verantwortung privater Sammler &#8211; Teilnahme in der Konzertkarte inbegriffen 30. August 2026 17:00 Uhr Finissage mit Szigeti Sektgenuss. Ausklang der Ausstellung im Speisesaal und im Kafeehaus des S\u00fcdbahnhotels. Begegnung mit K\u00fcnstlern, Sammlern und G\u00e4sten &#8211; Teilnahme in der Konzertkarte inbegriffen 30. August 2026 18:00 Uhr Konzert im historischen Speisesaal. Das Programm spannt den Bogen von vierh\u00e4ndiger Klaviermusik \u00fcber klassische Liedkunst und ausgew\u00e4hlte Operettenmelodien bis zum Wiener Lied. Kategorie A-C &#8364; 70 Ticket Kategorie D-F &#8364; 55 Ticket Kategorie G-J &#8364; 40 Ticket Freie Pl\u00e4tze f\u00fcr den 15. August 2026 Freie Pl\u00e4tze f\u00fcr den 30. August 2026<\/p>","protected":false},"author":1,"featured_media":0,"parent":1155,"menu_order":0,"comment_status":"closed","ping_status":"closed","template":"","meta":{"footnotes":""},"class_list":["post-1236","page","type-page","status-publish","hentry","entry"],"yoast_head":"<!-- This site is optimized with the Yoast SEO plugin v28.3 - https:\/\/yoast.com\/product\/yoast-seo-wordpress\/ -->\n<title>Reigen der K\u00fcnste - Herbert Lippert - S\u00fcdbahnb\u00fchne Semmering<\/title>\n<meta name=\"description\" content=\"Erleben Sie \u201eReigen der K\u00fcnste\u201c mit Herbert Lippert im S\u00fcdbahnhotel Semmering. Ein Abend voller Musik, Kunst und einzigartiger Atmosph\u00e4re.\" \/>\n<meta name=\"robots\" content=\"index, follow, max-snippet:-1, max-image-preview:large, max-video-preview:-1\" \/>\n<link rel=\"canonical\" href=\"https:\/\/suedbahnbuehne.at\/en\/programm\/reigen-der-kuenste\/\" \/>\n<meta property=\"og:locale\" content=\"en_GB\" \/>\n<meta property=\"og:type\" content=\"article\" \/>\n<meta property=\"og:title\" content=\"Reigen der K\u00fcnste - Herbert Lippert - S\u00fcdbahnb\u00fchne Semmering\" \/>\n<meta property=\"og:description\" content=\"Erleben Sie \u201eReigen der K\u00fcnste\u201c mit Herbert Lippert im S\u00fcdbahnhotel Semmering. Ein Abend voller Musik, Kunst und einzigartiger Atmosph\u00e4re.\" \/>\n<meta property=\"og:url\" content=\"https:\/\/suedbahnbuehne.at\/en\/programm\/reigen-der-kuenste\/\" \/>\n<meta property=\"og:site_name\" content=\"S\u00fcdbahnb\u00fchne Semmering\" \/>\n<meta property=\"article:modified_time\" content=\"2026-08-13T08:54:21+00:00\" \/>\n<meta property=\"og:image\" content=\"https:\/\/suedbahnbuehne.at\/wp-content\/uploads\/2026\/07\/Semmering-Sitzplan15.jpg\" \/>\n\t<meta property=\"og:image:width\" content=\"1414\" \/>\n\t<meta property=\"og:image:height\" content=\"2000\" \/>\n\t<meta property=\"og:image:type\" content=\"image\/jpeg\" \/>\n<meta name=\"twitter:card\" content=\"summary_large_image\" \/>\n<meta name=\"twitter:label1\" content=\"Estimated reading time\" \/>\n\t<meta name=\"twitter:data1\" content=\"3 minutes\" \/>\n<script type=\"application\/ld+json\" class=\"yoast-schema-graph\">{\"@context\":\"https:\\\/\\\/schema.org\",\"@graph\":[{\"@type\":\"WebPage\",\"@id\":\"https:\\\/\\\/suedbahnbuehne.at\\\/programm\\\/reigen-der-kuenste\\\/\",\"url\":\"https:\\\/\\\/suedbahnbuehne.at\\\/programm\\\/reigen-der-kuenste\\\/\",\"name\":\"Reigen der K\u00fcnste - Herbert Lippert - S\u00fcdbahnb\u00fchne Semmering\",\"isPartOf\":{\"@id\":\"https:\\\/\\\/suedbahnbuehne.at\\\/#website\"},\"primaryImageOfPage\":{\"@id\":\"https:\\\/\\\/suedbahnbuehne.at\\\/programm\\\/reigen-der-kuenste\\\/#primaryimage\"},\"image\":{\"@id\":\"https:\\\/\\\/suedbahnbuehne.at\\\/programm\\\/reigen-der-kuenste\\\/#primaryimage\"},\"thumbnailUrl\":\"https:\\\/\\\/suedbahnbuehne.at\\\/wp-content\\\/uploads\\\/2026\\\/07\\\/Semmering-Sitzplan15-724x1024.jpg\",\"datePublished\":\"2026-06-01T09:47:48+00:00\",\"dateModified\":\"2026-08-13T08:54:21+00:00\",\"description\":\"Erleben Sie \u201eReigen der K\u00fcnste\u201c mit Herbert Lippert im S\u00fcdbahnhotel Semmering. Ein Abend voller Musik, Kunst und einzigartiger Atmosph\u00e4re.\",\"breadcrumb\":{\"@id\":\"https:\\\/\\\/suedbahnbuehne.at\\\/programm\\\/reigen-der-kuenste\\\/#breadcrumb\"},\"inLanguage\":\"en-GB\",\"potentialAction\":[{\"@type\":\"ReadAction\",\"target\":[\"https:\\\/\\\/suedbahnbuehne.at\\\/programm\\\/reigen-der-kuenste\\\/\"]}]},{\"@type\":\"ImageObject\",\"inLanguage\":\"en-GB\",\"@id\":\"https:\\\/\\\/suedbahnbuehne.at\\\/programm\\\/reigen-der-kuenste\\\/#primaryimage\",\"url\":\"https:\\\/\\\/suedbahnbuehne.at\\\/wp-content\\\/uploads\\\/2026\\\/07\\\/Semmering-Sitzplan15-724x1024.jpg\",\"contentUrl\":\"https:\\\/\\\/suedbahnbuehne.at\\\/wp-content\\\/uploads\\\/2026\\\/07\\\/Semmering-Sitzplan15-724x1024.jpg\"},{\"@type\":\"BreadcrumbList\",\"@id\":\"https:\\\/\\\/suedbahnbuehne.at\\\/programm\\\/reigen-der-kuenste\\\/#breadcrumb\",\"itemListElement\":[{\"@type\":\"ListItem\",\"position\":1,\"name\":\"Start\",\"item\":\"https:\\\/\\\/suedbahnbuehne.at\\\/\"},{\"@type\":\"ListItem\",\"position\":2,\"name\":\"Programm\",\"item\":\"https:\\\/\\\/suedbahnbuehne.at\\\/programm\\\/\"},{\"@type\":\"ListItem\",\"position\":3,\"name\":\"Reigen der K\u00fcnste &#8211; Herbert Lippert\"}]},{\"@type\":\"WebSite\",\"@id\":\"https:\\\/\\\/suedbahnbuehne.at\\\/#website\",\"url\":\"https:\\\/\\\/suedbahnbuehne.at\\\/\",\"name\":\"S\u00fcdbahnb\u00fchne Semmering\",\"description\":\"Kunst und Kultur am Semmering\",\"publisher\":{\"@id\":\"https:\\\/\\\/suedbahnbuehne.at\\\/#organization\"},\"potentialAction\":[{\"@type\":\"SearchAction\",\"target\":{\"@type\":\"EntryPoint\",\"urlTemplate\":\"https:\\\/\\\/suedbahnbuehne.at\\\/?s={search_term_string}\"},\"query-input\":{\"@type\":\"PropertyValueSpecification\",\"valueRequired\":true,\"valueName\":\"search_term_string\"}}],\"inLanguage\":\"en-GB\"},{\"@type\":\"Organization\",\"@id\":\"https:\\\/\\\/suedbahnbuehne.at\\\/#organization\",\"name\":\"S\u00fcdbahnb\u00fchne Semmering\",\"url\":\"https:\\\/\\\/suedbahnbuehne.at\\\/\",\"logo\":{\"@type\":\"ImageObject\",\"inLanguage\":\"en-GB\",\"@id\":\"https:\\\/\\\/suedbahnbuehne.at\\\/#\\\/schema\\\/logo\\\/image\\\/\",\"url\":\"https:\\\/\\\/suedbahnbuehne.at\\\/wp-content\\\/uploads\\\/2026\\\/05\\\/cropped-cropped-Suedbahnbuehne-logo.png\",\"contentUrl\":\"https:\\\/\\\/suedbahnbuehne.at\\\/wp-content\\\/uploads\\\/2026\\\/05\\\/cropped-cropped-Suedbahnbuehne-logo.png\",\"width\":1332,\"height\":1254,\"caption\":\"S\u00fcdbahnb\u00fchne Semmering\"},\"image\":{\"@id\":\"https:\\\/\\\/suedbahnbuehne.at\\\/#\\\/schema\\\/logo\\\/image\\\/\"}}]}<\/script>\n<!-- \/ Yoast SEO plugin. -->","yoast_head_json":{"title":"Reigen der K\u00fcnste - Herbert Lippert - S\u00fcdbahnb\u00fchne Semmering","description":"Erleben Sie \u201eReigen der K\u00fcnste\u201c mit Herbert Lippert im S\u00fcdbahnhotel Semmering. Ein Abend voller Musik, Kunst und einzigartiger Atmosph\u00e4re.","robots":{"index":"index","follow":"follow","max-snippet":"max-snippet:-1","max-image-preview":"max-image-preview:large","max-video-preview":"max-video-preview:-1"},"canonical":"https:\/\/suedbahnbuehne.at\/en\/programm\/reigen-der-kuenste\/","og_locale":"en_GB","og_type":"article","og_title":"Reigen der K\u00fcnste - Herbert Lippert - S\u00fcdbahnb\u00fchne Semmering","og_description":"Erleben Sie \u201eReigen der K\u00fcnste\u201c mit Herbert Lippert im S\u00fcdbahnhotel Semmering. Ein Abend voller Musik, Kunst und einzigartiger Atmosph\u00e4re.","og_url":"https:\/\/suedbahnbuehne.at\/en\/programm\/reigen-der-kuenste\/","og_site_name":"S\u00fcdbahnb\u00fchne Semmering","article_modified_time":"2026-08-13T08:54:21+00:00","og_image":[{"width":1414,"height":2000,"url":"https:\/\/suedbahnbuehne.at\/wp-content\/uploads\/2026\/07\/Semmering-Sitzplan15.jpg","type":"image\/jpeg"}],"twitter_card":"summary_large_image","twitter_misc":{"Estimated reading time":"3 minutes"},"schema":{"@context":"https:\/\/schema.org","@graph":[{"@type":"WebPage","@id":"https:\/\/suedbahnbuehne.at\/programm\/reigen-der-kuenste\/","url":"https:\/\/suedbahnbuehne.at\/programm\/reigen-der-kuenste\/","name":"Reigen der K\u00fcnste - Herbert Lippert - S\u00fcdbahnb\u00fchne Semmering","isPartOf":{"@id":"https:\/\/suedbahnbuehne.at\/#website"},"primaryImageOfPage":{"@id":"https:\/\/suedbahnbuehne.at\/programm\/reigen-der-kuenste\/#primaryimage"},"image":{"@id":"https:\/\/suedbahnbuehne.at\/programm\/reigen-der-kuenste\/#primaryimage"},"thumbnailUrl":"https:\/\/suedbahnbuehne.at\/wp-content\/uploads\/2026\/07\/Semmering-Sitzplan15-724x1024.jpg","datePublished":"2026-06-01T09:47:48+00:00","dateModified":"2026-08-13T08:54:21+00:00","description":"Erleben Sie \u201eReigen der K\u00fcnste\u201c mit Herbert Lippert im S\u00fcdbahnhotel Semmering. Ein Abend voller Musik, Kunst und einzigartiger Atmosph\u00e4re.","breadcrumb":{"@id":"https:\/\/suedbahnbuehne.at\/programm\/reigen-der-kuenste\/#breadcrumb"},"inLanguage":"en-GB","potentialAction":[{"@type":"ReadAction","target":["https:\/\/suedbahnbuehne.at\/programm\/reigen-der-kuenste\/"]}]},{"@type":"ImageObject","inLanguage":"en-GB","@id":"https:\/\/suedbahnbuehne.at\/programm\/reigen-der-kuenste\/#primaryimage","url":"https:\/\/suedbahnbuehne.at\/wp-content\/uploads\/2026\/07\/Semmering-Sitzplan15-724x1024.jpg","contentUrl":"https:\/\/suedbahnbuehne.at\/wp-content\/uploads\/2026\/07\/Semmering-Sitzplan15-724x1024.jpg"},{"@type":"BreadcrumbList","@id":"https:\/\/suedbahnbuehne.at\/programm\/reigen-der-kuenste\/#breadcrumb","itemListElement":[{"@type":"ListItem","position":1,"name":"Start","item":"https:\/\/suedbahnbuehne.at\/"},{"@type":"ListItem","position":2,"name":"Programm","item":"https:\/\/suedbahnbuehne.at\/programm\/"},{"@type":"ListItem","position":3,"name":"Reigen der K\u00fcnste &#8211; Herbert Lippert"}]},{"@type":"WebSite","@id":"https:\/\/suedbahnbuehne.at\/#website","url":"https:\/\/suedbahnbuehne.at\/","name":"Semmering Southern Railway Stage","description":"Kunst und Kultur am Semmering","publisher":{"@id":"https:\/\/suedbahnbuehne.at\/#organization"},"potentialAction":[{"@type":"SearchAction","target":{"@type":"EntryPoint","urlTemplate":"https:\/\/suedbahnbuehne.at\/?s={search_term_string}"},"query-input":{"@type":"PropertyValueSpecification","valueRequired":true,"valueName":"search_term_string"}}],"inLanguage":"en-GB"},{"@type":"Organization","@id":"https:\/\/suedbahnbuehne.at\/#organization","name":"Semmering Southern Railway Stage","url":"https:\/\/suedbahnbuehne.at\/","logo":{"@type":"ImageObject","inLanguage":"en-GB","@id":"https:\/\/suedbahnbuehne.at\/#\/schema\/logo\/image\/","url":"https:\/\/suedbahnbuehne.at\/wp-content\/uploads\/2026\/05\/cropped-cropped-Suedbahnbuehne-logo.png","contentUrl":"https:\/\/suedbahnbuehne.at\/wp-content\/uploads\/2026\/05\/cropped-cropped-Suedbahnbuehne-logo.png","width":1332,"height":1254,"caption":"S\u00fcdbahnb\u00fchne Semmering"},"image":{"@id":"https:\/\/suedbahnbuehne.at\/#\/schema\/logo\/image\/"}}]}},"_links":{"self":[{"href":"https:\/\/suedbahnbuehne.at\/en\/wp-json\/wp\/v2\/pages\/1236","targetHints":{"allow":["GET"]}}],"collection":[{"href":"https:\/\/suedbahnbuehne.at\/en\/wp-json\/wp\/v2\/pages"}],"about":[{"href":"https:\/\/suedbahnbuehne.at\/en\/wp-json\/wp\/v2\/types\/page"}],"author":[{"embeddable":true,"href":"https:\/\/suedbahnbuehne.at\/en\/wp-json\/wp\/v2\/users\/1"}],"replies":[{"embeddable":true,"href":"https:\/\/suedbahnbuehne.at\/en\/wp-json\/wp\/v2\/comments?post=1236"}],"version-history":[{"count":10,"href":"https:\/\/suedbahnbuehne.at\/en\/wp-json\/wp\/v2\/pages\/1236\/revisions"}],"predecessor-version":[{"id":2701,"href":"https:\/\/suedbahnbuehne.at\/en\/wp-json\/wp\/v2\/pages\/1236\/revisions\/2701"}],"up":[{"embeddable":true,"href":"https:\/\/suedbahnbuehne.at\/en\/wp-json\/wp\/v2\/pages\/1155"}],"wp:attachment":[{"href":"https:\/\/suedbahnbuehne.at\/en\/wp-json\/wp\/v2\/media?parent=1236"}],"curies":[{"name":"wp","href":"https:\/\/api.w.org\/{rel}","templated":true}]}}